{"id":8218,"date":"2024-01-18T08:51:37","date_gmt":"2024-01-18T07:51:37","guid":{"rendered":"https:\/\/www.bideonarratian.eus\/mayores-de-65\/"},"modified":"2025-02-06T10:46:32","modified_gmt":"2025-02-06T09:46:32","slug":"65-urtetik-gorakoentzako-zerbitzuak","status":"publish","type":"page","link":"https:\/\/www.bideonarratian.eus\/eu\/65-urtetik-gorakoentzako-zerbitzuak\/","title":{"rendered":"65 urtetik gorakoentzako zerbitzuak"},"content":{"rendered":"<div class=\"wpb-content-wrapper\"><p>[vc_row][vc_column][vc_empty_space][\/vc_column][\/vc_row][vc_row equal_height=&#8221;yes&#8221; content_placement=&#8221;middle&#8221;][vc_column width=&#8221;1\/2&#8243; el_class=&#8221;colImgIzquierda&#8221;][vc_single_image image=&#8221;7785&#8243; img_size=&#8221;full&#8221; alignment=&#8221;center&#8221;][\/vc_column][vc_column width=&#8221;1\/2&#8243;]<header class=\"kd-section-title col-lg-12 text-left    \" ><h2 class=\"separator_off\" >Lotura herriguneekin<\/h2><\/header>[vc_column_text]Badakigu Arratiako bizilagunentzat batzuetan zaila izaten dela ohiko garraio publikoaren bidez funtsezko zerbitzuetara heltzea, eta, beraz, euren beharrizanetako batzuk betetzeko autoa hartu behar izaten dute.<\/p>\n<p>Hori dela eta, Arratiako Mankomunitateak taxi zerbitzua ezarri du bailaran, hau da, garraio publikoaren edo auto partikularraren osagarria izango den garraiobidea, 65 urtetik gorakoei udaletxera, osasun-zentrora, farmaziara, bankura, kutxazain automatikora, saltokira eta abarretara modu ekonomikoan, jasangarrian eta seguruan joateko aukera emateko.<\/p>\n<p>Zerbitzu hau Arratiako Mankomunitatea osatzen duten udalerrien artean dago erabilgarri, eta etxetik -edo egoitzatik, bertan bizi badira-, 9 udalerrietako edozein herrigunetara ibilbide partekatuak egiteko aukera ematen du (eta buelta).<\/p>\n<p>Modu berean, zerbitzuan hiru jomuga berezi sartzen dira: bat Galdakao-Usansoloko Ospitalea, beste bat Galdakaoko Anbulatorioa eta bestea Dima inguruan dagoen adinekoentzako Arratiako Egoitza.[\/vc_column_text][\/vc_column][\/vc_row][vc_row][vc_column][vc_empty_space height=&#8221;50px&#8221;][\/vc_column][\/vc_row][vc_row full_width=&#8221;stretch_row&#8221; equal_height=&#8221;yes&#8221; content_placement=&#8221;middle&#8221; css=&#8221;.vc_custom_1705570904442{background-color: #f5f5f5 !important;}&#8221;][vc_column width=&#8221;1\/2&#8243; css=&#8221;.vc_custom_1522316929719{padding-top: 0px !important;}&#8221; offset=&#8221;vc_col-lg-6 vc_col-md-12&#8243;][vc_row_inner css=&#8221;.vc_custom_1539613321875{padding-top: 60px !important;}&#8221;][vc_column_inner el_class=&#8221;mayores-disponibilidad&#8221; offset=&#8221;vc_col-lg-offset-0 vc_col-md-offset-1 vc_col-sm-offset-1&#8243; css=&#8221;.vc_custom_1705579772825{padding-bottom: 50px !important;}&#8221; el_id=&#8221;iconos-funciona&#8221;]<header class=\"kd-section-title col-lg-12 text-left    \" ><h2 class=\"separator_off\" >Zerbitzuaren erabilgarritasuna<\/h2><\/header><ul class=\"kd-icon-list kd-animated fadeIn lista-funciona\" ><li class=\"kd-icon-list-item\"><i class=\"far fa-clock\" style=\"font-size:48px;\"><\/i><span class=\"kd-list-text\" ><\/p>\n<h4 class=\"service-heading\">Ordutegia<\/h4>\n<p>Astelehenetik ostiralera 8:00etatik 14:00etara.<\/p>\n<p>Zerbitzua Mankomunitateko udalerrietako lanegunetan. Udalerri horietako herriko jaiegunetan zerbitzua erabilgarri egongo da.<\/li><li class=\"kd-icon-list-item pd18\"><i class=\"fas fa-euro-sign\" style=\"font-size:48px;\"><\/i><span class=\"kd-list-text\" ><\/p>\n<h4 class=\"service-heading\">Tarifak<\/h4>\n<p>Bidaia bakoitzak euro 1 balioko du (BEZa barne), Mankomunitatetik kanpo dauden udalerrietarako bidaietan izan ezik, 1,5 \u20ac balioko duela (BEZa barne).<\/li><li class=\"kd-icon-list-item\"><i class=\"fas fa-bus-alt\" style=\"font-size:48px;\"><\/i><span class=\"kd-list-text\" ><\/p>\n<h4 class=\"service-heading\">Geralekuak<\/h4>\n<p>Herriguneetako geralekuak interesguneetan egongo dira (Udaletxea, farmazia, osasun-zentroa, etab.), eta auzo periferikoetako geralekuak pertsonalizatuak izango dira, eskatzailearen etxetik gertu edo atean bertan.<\/li><\/ul>[\/vc_column_inner][\/vc_row_inner][\/vc_column][vc_column width=&#8221;1\/2&#8243; offset=&#8221;vc_col-lg-6 vc_col-md-12&#8243;][vc_row_inner css=&#8221;.vc_custom_1705570850902{background-position: center !important;background-repeat: no-repeat !important;background-size: cover !important;}&#8221;][vc_column_inner css=&#8221;.vc_custom_1511789291663{padding-top: 0px !important;padding-bottom: 0px !important;}&#8221;][vc_single_image image=&#8221;8079&#8243; img_size=&#8221;full&#8221; alignment=&#8221;center&#8221;][\/vc_column_inner][\/vc_row_inner][\/vc_column][\/vc_row][vc_row][vc_column][vc_empty_space height=&#8221;80px&#8221;][\/vc_column][\/vc_row][vc_row equal_height=&#8221;yes&#8221; content_placement=&#8221;middle&#8221;][vc_column width=&#8221;1\/2&#8243; el_class=&#8221;colImgIzquierda&#8221;][vc_single_image image=&#8221;8183&#8243; img_size=&#8221;full&#8221; alignment=&#8221;center&#8221;][\/vc_column][vc_column width=&#8221;1\/2&#8243;]<header class=\"kd-section-title col-lg-12 text-left    \" ><h2 class=\"separator_off\" >Ibilbideak<\/h2><\/header>[vc_column_text]Arratiako Mankomunitatea osatzen duten 9 udalerrietarako, 2 konexio-mota egin ahal izango dira:<\/p>\n<p>Lotura herriguneekin:<\/p>\n<ul>\n<li>Leku pertsonalizatu batean gelditzeko eskatu ahal izango da, 9 udalerrietako edozein herrigunean aldez aurretik zehaztutako geraleku batera joan ahal izateko, eta alderantziz.<\/li>\n<\/ul>\n<p>Galdakao-Usansolo Ospitalearekin, Galdakaoko anbulatorioarekin edo Arratiako Egoitzarekin lotura:<\/p>\n<ul>\n<li>Leku pertsonalizatu batean gelditzeko eskatu ahal izango da, Galdakao-Usansolo Ospitaleko, Galdakaoko Anbulatorioko edo Arratiako Egoitzako aldez aurretik zehaztutako geralekura joan ahal izateko eta alderantziz.<\/li>\n<\/ul>\n<p><a class=\"btnServicios\" href=\"https:\/\/www.bideonarratian.eus\/eu\/65-urtetik-gorakoen-bidaia-erreserbak\/\">Zelan erabili 65 urtetik gorakoentzako zerbitzua<\/a>[\/vc_column_text][\/vc_column][\/vc_row][vc_row][vc_column][vc_empty_space][\/vc_column][\/vc_row][vc_row full_width=&#8221;stretch_row&#8221; css=&#8221;.vc_custom_1705580178109{background-color: #f5f5f5 !important;}&#8221; el_id=&#8221;cont-mockup-paradas&#8221;][vc_column][vc_empty_space height=&#8221;50px&#8221;]<header class=\"kd-section-title col-lg-12 text-center    \" ><h2 class=\"separator_off\" >Aurretik zehaztutako geralekuak, herrigune bakoitzean<\/h2><\/header>[vc_row_inner css=&#8221;.vc_custom_1705937050991{padding-top: 50px !important;padding-bottom: 100px !important;}&#8221; el_id=&#8221;fila-mockup-iconos&#8221;][vc_column_inner el_class=&#8221;iconos-mayores&#8221; width=&#8221;1\/3&#8243; css=&#8221;.vc_custom_1705580594317{padding-right: 70px !important;padding-left: 70px !important;}&#8221;]<div class=\"key-icon-box icon-default  cont-right ib-no-effect  kd-animated fadeInUp\" style=\"background-color: transparent;\" data-animation-delay=400><h5 class=\"service-heading\" >Galdakao<\/h5><p >Galdakaoko ospitalea eta Galdakaoko anbulatorioa<\/p><\/div>[vc_empty_space height=&#8221;50px&#8221; el_class=&#8221;vc_hidden-sm vc_hidden-xs&#8221;]<div class=\"key-icon-box icon-default  cont-right ib-no-effect  kd-animated fadeInUp\" style=\"background-color: transparent;\" data-animation-delay=400><h5 class=\"service-heading\" >Bedia<\/h5><p >Udaletxea, Farmazia, Osasun Zentroa, Kutxazaina eta Jandoniz Egoitza<\/p><\/div>[vc_empty_space height=&#8221;50px&#8221; el_class=&#8221;vc_hidden-sm vc_hidden-xs&#8221;]<div class=\"key-icon-box icon-default  cont-right ib-no-effect  kd-animated fadeInUp\" style=\"background-color: transparent;\" ><h5 class=\"service-heading\" >Arantzazu<\/h5><p >Udaletxea eta Kontsultategia<\/p><\/div>[vc_empty_space height=&#8221;50px&#8221; el_class=&#8221;vc_hidden-sm vc_hidden-xs&#8221;]<div class=\"key-icon-box icon-default  cont-right ib-no-effect  kd-animated fadeInUp\" style=\"background-color: transparent;\" data-animation-delay=400><h5 class=\"service-heading\" >Artea<\/h5><p >Udaletxea eta Kontsultategia<\/p><\/div>[vc_empty_space height=&#8221;50px&#8221; el_class=&#8221;vc_hidden-sm vc_hidden-xs&#8221;]<div class=\"key-icon-box icon-default  cont-right ib-no-effect  kd-animated fadeInUp\" style=\"background-color: transparent;\" data-animation-delay=200><h5 class=\"service-heading\" >Areatza<\/h5><p >Kutxabank, Udaletxea, Kontsultategia eta Farmazia<\/p><\/div>[vc_empty_space height=&#8221;50px&#8221; el_class=&#8221;vc_hidden-sm vc_hidden-xs&#8221;]<div class=\"key-icon-box icon-default  cont-right ib-no-effect  kd-animated fadeInUp\" style=\"background-color: transparent;\" data-animation-delay=400><h5 class=\"service-heading\" >Zeanuri<\/h5><p >Udaletxea eta Kontsultategia<\/p><\/div>[\/vc_column_inner][vc_column_inner width=&#8221;1\/3&#8243;][vc_single_image image=&#8221;8171&#8243; img_size=&#8221;full&#8221; alignment=&#8221;center&#8221; css_animation=&#8221;appear&#8221;][\/vc_column_inner][vc_column_inner el_class=&#8221;iconos-mayores&#8221; width=&#8221;1\/3&#8243; css=&#8221;.vc_custom_1705580601806{padding-right: 70px !important;padding-left: 70px !important;}&#8221;][vc_empty_space height=&#8221;50px&#8221; el_class=&#8221;vc_hidden-sm vc_hidden-xs&#8221;]<div class=\"key-icon-box icon-default  cont-left ib-no-effect  kd-animated fadeInUp\" style=\"background-color: transparent;\" data-animation-delay=200><h5 class=\"service-heading\" >Lemoa<\/h5><p >Caixabank, Kutxabank Lemoa, BBVA, Farmazia, Udaletxea eta Kontsultategia<\/p><\/div>[vc_empty_space height=&#8221;50px&#8221; el_class=&#8221;vc_hidden-sm vc_hidden-xs&#8221;]<div class=\"key-icon-box icon-default  cont-left ib-no-effect  kd-animated fadeInUp\" style=\"background-color: transparent;\" ><h5 class=\"service-heading\" >Igorre<\/h5><p >BBVA, Caixabank, Udaletxea, Osasun Zentroa, Farmazia, eta Laboral Kutxa<\/p><\/div>[vc_empty_space height=&#8221;50px&#8221; el_class=&#8221;vc_hidden-sm vc_hidden-xs&#8221;]<div class=\"key-icon-box icon-default  cont-left ib-no-effect  kd-animated fadeInUp\" style=\"background-color: transparent;\" data-animation-delay=400><h5 class=\"service-heading\" >Dima<\/h5><p >Udaletxea, Kontsultategia, Farmazia, Piedadeondo Egoitza eta Arratiako Egoitza<\/p><\/div>[vc_empty_space height=&#8221;50px&#8221; el_class=&#8221;vc_hidden-sm vc_hidden-xs&#8221;]<div class=\"key-icon-box icon-default  cont-left ib-no-effect  kd-animated fadeInUp\" style=\"background-color: transparent;\" data-animation-delay=400><h5 class=\"service-heading\" >Ubide<\/h5><p >Udaletxea<\/p><\/div>[\/vc_column_inner][\/vc_row_inner][\/vc_column][\/vc_row]<\/p>\n<\/div>","protected":false},"excerpt":{"rendered":"<p>[vc_row][vc_column][vc_empty_space][\/vc_column][\/vc_row][vc_row equal_height=&#8221;yes&#8221; content_placement=&#8221;middle&#8221;][vc_column width=&#8221;1\/2&#8243; el_class=&#8221;colImgIzquierda&#8221;][vc_single_image image=&#8221;7785&#8243; img_size=&#8221;full&#8221; alignment=&#8221;center&#8221;][\/vc_column][vc_column width=&#8221;1\/2&#8243;][vc_column_text]Badakigu Arratiako bizilagunentzat batzuetan zaila izaten dela ohiko garraio publikoaren bidez funtsezko [&hellip;]<\/p>\n","protected":false},"author":1,"featured_media":8170,"parent":0,"menu_order":0,"comment_status":"closed","ping_status":"closed","template":"","meta":{"footnotes":""},"class_list":["post-8218","page","type-page","status-publish","has-post-thumbnail","hentry"],"yoast_head":"<!-- This site is optimized with the Yoast SEO plugin v27.3 - https:\/\/yoast.com\/product\/yoast-seo-wordpress\/ -->\n<title>65 urtetik gorakoentzako zerbitzuak - bideON ARRATIAN<\/title>\n<meta name=\"robots\" content=\"index, follow, max-snippet:-1, max-image-preview:large, max-video-preview:-1\" \/>\n<link rel=\"canonical\" href=\"https:\/\/www.bideonarratian.eus\/eu\/65-urtetik-gorakoentzako-zerbitzuak\/\" \/>\n<meta property=\"og:locale\" content=\"eu_ES\" \/>\n<meta property=\"og:type\" content=\"article\" \/>\n<meta property=\"og:title\" content=\"65 urtetik gorakoentzako zerbitzuak - bideON ARRATIAN\" \/>\n<meta property=\"og:description\" content=\"[vc_row][vc_column][vc_empty_space][\/vc_column][\/vc_row][vc_row equal_height=&#8221;yes&#8221; content_placement=&#8221;middle&#8221;][vc_column width=&#8221;1\/2&#8243; el_class=&#8221;colImgIzquierda&#8221;][vc_single_image image=&#8221;7785&#8243; img_size=&#8221;full&#8221; alignment=&#8221;center&#8221;][\/vc_column][vc_column width=&#8221;1\/2&#8243;][vc_column_text]Badakigu Arratiako bizilagunentzat batzuetan zaila izaten dela ohiko garraio publikoaren bidez funtsezko [&hellip;]\" \/>\n<meta property=\"og:url\" content=\"https:\/\/www.bideonarratian.eus\/eu\/65-urtetik-gorakoentzako-zerbitzuak\/\" \/>\n<meta property=\"og:site_name\" content=\"bideON ARRATIAN\" \/>\n<meta property=\"article:publisher\" content=\"https:\/\/www.facebook.com\/bideONARRATIAN\" \/>\n<meta property=\"article:modified_time\" content=\"2025-02-06T09:46:32+00:00\" \/>\n<meta property=\"og:image\" content=\"https:\/\/www.bideonarratian.eus\/wp-content\/uploads\/2024\/01\/Bide-ON-Te-acerca-1-1.jpg\" \/>\n\t<meta property=\"og:image:width\" content=\"1920\" \/>\n\t<meta property=\"og:image:height\" content=\"510\" \/>\n\t<meta property=\"og:image:type\" content=\"image\/jpeg\" \/>\n<meta name=\"twitter:card\" content=\"summary_large_image\" \/>\n<meta name=\"twitter:label1\" content=\"Est. reading time\" \/>\n\t<meta name=\"twitter:data1\" content=\"4 minutes\" \/>\n<script type=\"application\/ld+json\" class=\"yoast-schema-graph\">{\"@context\":\"https:\\\/\\\/schema.org\",\"@graph\":[{\"@type\":\"WebPage\",\"@id\":\"https:\\\/\\\/www.bideonarratian.eus\\\/eu\\\/65-urtetik-gorakoentzako-zerbitzuak\\\/\",\"url\":\"https:\\\/\\\/www.bideonarratian.eus\\\/eu\\\/65-urtetik-gorakoentzako-zerbitzuak\\\/\",\"name\":\"65 urtetik gorakoentzako zerbitzuak - bideON ARRATIAN\",\"isPartOf\":{\"@id\":\"https:\\\/\\\/www.bideonarratian.eus\\\/eu\\\/#website\"},\"primaryImageOfPage\":{\"@id\":\"https:\\\/\\\/www.bideonarratian.eus\\\/eu\\\/65-urtetik-gorakoentzako-zerbitzuak\\\/#primaryimage\"},\"image\":{\"@id\":\"https:\\\/\\\/www.bideonarratian.eus\\\/eu\\\/65-urtetik-gorakoentzako-zerbitzuak\\\/#primaryimage\"},\"thumbnailUrl\":\"https:\\\/\\\/www.bideonarratian.eus\\\/wp-content\\\/uploads\\\/2024\\\/01\\\/Bide-ON-Te-acerca-1-1.jpg\",\"datePublished\":\"2024-01-18T07:51:37+00:00\",\"dateModified\":\"2025-02-06T09:46:32+00:00\",\"breadcrumb\":{\"@id\":\"https:\\\/\\\/www.bideonarratian.eus\\\/eu\\\/65-urtetik-gorakoentzako-zerbitzuak\\\/#breadcrumb\"},\"inLanguage\":\"eu-ES\",\"potentialAction\":[{\"@type\":\"ReadAction\",\"target\":[\"https:\\\/\\\/www.bideonarratian.eus\\\/eu\\\/65-urtetik-gorakoentzako-zerbitzuak\\\/\"]}]},{\"@type\":\"ImageObject\",\"inLanguage\":\"eu-ES\",\"@id\":\"https:\\\/\\\/www.bideonarratian.eus\\\/eu\\\/65-urtetik-gorakoentzako-zerbitzuak\\\/#primaryimage\",\"url\":\"https:\\\/\\\/www.bideonarratian.eus\\\/wp-content\\\/uploads\\\/2024\\\/01\\\/Bide-ON-Te-acerca-1-1.jpg\",\"contentUrl\":\"https:\\\/\\\/www.bideonarratian.eus\\\/wp-content\\\/uploads\\\/2024\\\/01\\\/Bide-ON-Te-acerca-1-1.jpg\",\"width\":1920,\"height\":510},{\"@type\":\"BreadcrumbList\",\"@id\":\"https:\\\/\\\/www.bideonarratian.eus\\\/eu\\\/65-urtetik-gorakoentzako-zerbitzuak\\\/#breadcrumb\",\"itemListElement\":[{\"@type\":\"ListItem\",\"position\":1,\"name\":\"Portada\",\"item\":\"https:\\\/\\\/www.bideonarratian.eus\\\/eu\\\/\"},{\"@type\":\"ListItem\",\"position\":2,\"name\":\"65 urtetik gorakoentzako zerbitzuak\"}]},{\"@type\":\"WebSite\",\"@id\":\"https:\\\/\\\/www.bideonarratian.eus\\\/eu\\\/#website\",\"url\":\"https:\\\/\\\/www.bideonarratian.eus\\\/eu\\\/\",\"name\":\"bideON ARRATIAN\",\"description\":\"Servicio de transporte bajo demanda para acercar al n\u00facleo urbano a las personas del Valle de Arratia mayores de 65 a\u00f1os (incluso a los que no puedan desplazarse de forma aut\u00f3noma).\",\"publisher\":{\"@id\":\"https:\\\/\\\/www.bideonarratian.eus\\\/eu\\\/#organization\"},\"alternateName\":\"Servicio de transporte sostenible a la demanda en el Valle de Arratia\",\"potentialAction\":[{\"@type\":\"SearchAction\",\"target\":{\"@type\":\"EntryPoint\",\"urlTemplate\":\"https:\\\/\\\/www.bideonarratian.eus\\\/eu\\\/?s={search_term_string}\"},\"query-input\":{\"@type\":\"PropertyValueSpecification\",\"valueRequired\":true,\"valueName\":\"search_term_string\"}}],\"inLanguage\":\"eu-ES\"},{\"@type\":\"Organization\",\"@id\":\"https:\\\/\\\/www.bideonarratian.eus\\\/eu\\\/#organization\",\"name\":\"bideON ARRATIAN\",\"url\":\"https:\\\/\\\/www.bideonarratian.eus\\\/eu\\\/\",\"logo\":{\"@type\":\"ImageObject\",\"inLanguage\":\"eu-ES\",\"@id\":\"https:\\\/\\\/www.bideonarratian.eus\\\/eu\\\/#\\\/schema\\\/logo\\\/image\\\/\",\"url\":\"https:\\\/\\\/www.bideonarratian.eus\\\/wp-content\\\/uploads\\\/2023\\\/12\\\/bideon-logo.png\",\"contentUrl\":\"https:\\\/\\\/www.bideonarratian.eus\\\/wp-content\\\/uploads\\\/2023\\\/12\\\/bideon-logo.png\",\"width\":500,\"height\":176,\"caption\":\"bideON ARRATIAN\"},\"image\":{\"@id\":\"https:\\\/\\\/www.bideonarratian.eus\\\/eu\\\/#\\\/schema\\\/logo\\\/image\\\/\"},\"sameAs\":[\"https:\\\/\\\/www.facebook.com\\\/bideONARRATIAN\",\"https:\\\/\\\/www.instagram.com\\\/bideON_ARRATIAN\",\"https:\\\/\\\/www.tiktok.com\\\/@bideon_arratian\"]}]}<\/script>\n<!-- \/ Yoast SEO plugin. -->","yoast_head_json":{"title":"65 urtetik gorakoentzako zerbitzuak - bideON ARRATIAN","robots":{"index":"index","follow":"follow","max-snippet":"max-snippet:-1","max-image-preview":"max-image-preview:large","max-video-preview":"max-video-preview:-1"},"canonical":"https:\/\/www.bideonarratian.eus\/eu\/65-urtetik-gorakoentzako-zerbitzuak\/","og_locale":"eu_ES","og_type":"article","og_title":"65 urtetik gorakoentzako zerbitzuak - bideON ARRATIAN","og_description":"[vc_row][vc_column][vc_empty_space][\/vc_column][\/vc_row][vc_row equal_height=&#8221;yes&#8221; content_placement=&#8221;middle&#8221;][vc_column width=&#8221;1\/2&#8243; el_class=&#8221;colImgIzquierda&#8221;][vc_single_image image=&#8221;7785&#8243; img_size=&#8221;full&#8221; alignment=&#8221;center&#8221;][\/vc_column][vc_column width=&#8221;1\/2&#8243;][vc_column_text]Badakigu Arratiako bizilagunentzat batzuetan zaila izaten dela ohiko garraio publikoaren bidez funtsezko [&hellip;]","og_url":"https:\/\/www.bideonarratian.eus\/eu\/65-urtetik-gorakoentzako-zerbitzuak\/","og_site_name":"bideON ARRATIAN","article_publisher":"https:\/\/www.facebook.com\/bideONARRATIAN","article_modified_time":"2025-02-06T09:46:32+00:00","og_image":[{"width":1920,"height":510,"url":"https:\/\/www.bideonarratian.eus\/wp-content\/uploads\/2024\/01\/Bide-ON-Te-acerca-1-1.jpg","type":"image\/jpeg"}],"twitter_card":"summary_large_image","twitter_misc":{"Est. reading time":"4 minutes"},"schema":{"@context":"https:\/\/schema.org","@graph":[{"@type":"WebPage","@id":"https:\/\/www.bideonarratian.eus\/eu\/65-urtetik-gorakoentzako-zerbitzuak\/","url":"https:\/\/www.bideonarratian.eus\/eu\/65-urtetik-gorakoentzako-zerbitzuak\/","name":"65 urtetik gorakoentzako zerbitzuak - bideON ARRATIAN","isPartOf":{"@id":"https:\/\/www.bideonarratian.eus\/eu\/#website"},"primaryImageOfPage":{"@id":"https:\/\/www.bideonarratian.eus\/eu\/65-urtetik-gorakoentzako-zerbitzuak\/#primaryimage"},"image":{"@id":"https:\/\/www.bideonarratian.eus\/eu\/65-urtetik-gorakoentzako-zerbitzuak\/#primaryimage"},"thumbnailUrl":"https:\/\/www.bideonarratian.eus\/wp-content\/uploads\/2024\/01\/Bide-ON-Te-acerca-1-1.jpg","datePublished":"2024-01-18T07:51:37+00:00","dateModified":"2025-02-06T09:46:32+00:00","breadcrumb":{"@id":"https:\/\/www.bideonarratian.eus\/eu\/65-urtetik-gorakoentzako-zerbitzuak\/#breadcrumb"},"inLanguage":"eu-ES","potentialAction":[{"@type":"ReadAction","target":["https:\/\/www.bideonarratian.eus\/eu\/65-urtetik-gorakoentzako-zerbitzuak\/"]}]},{"@type":"ImageObject","inLanguage":"eu-ES","@id":"https:\/\/www.bideonarratian.eus\/eu\/65-urtetik-gorakoentzako-zerbitzuak\/#primaryimage","url":"https:\/\/www.bideonarratian.eus\/wp-content\/uploads\/2024\/01\/Bide-ON-Te-acerca-1-1.jpg","contentUrl":"https:\/\/www.bideonarratian.eus\/wp-content\/uploads\/2024\/01\/Bide-ON-Te-acerca-1-1.jpg","width":1920,"height":510},{"@type":"BreadcrumbList","@id":"https:\/\/www.bideonarratian.eus\/eu\/65-urtetik-gorakoentzako-zerbitzuak\/#breadcrumb","itemListElement":[{"@type":"ListItem","position":1,"name":"Portada","item":"https:\/\/www.bideonarratian.eus\/eu\/"},{"@type":"ListItem","position":2,"name":"65 urtetik gorakoentzako zerbitzuak"}]},{"@type":"WebSite","@id":"https:\/\/www.bideonarratian.eus\/eu\/#website","url":"https:\/\/www.bideonarratian.eus\/eu\/","name":"bideON ARRATIAN","description":"Servicio de transporte bajo demanda para acercar al n\u00facleo urbano a las personas del Valle de Arratia mayores de 65 a\u00f1os (incluso a los que no puedan desplazarse de forma aut\u00f3noma).","publisher":{"@id":"https:\/\/www.bideonarratian.eus\/eu\/#organization"},"alternateName":"Servicio de transporte sostenible a la demanda en el Valle de Arratia","potentialAction":[{"@type":"SearchAction","target":{"@type":"EntryPoint","urlTemplate":"https:\/\/www.bideonarratian.eus\/eu\/?s={search_term_string}"},"query-input":{"@type":"PropertyValueSpecification","valueRequired":true,"valueName":"search_term_string"}}],"inLanguage":"eu-ES"},{"@type":"Organization","@id":"https:\/\/www.bideonarratian.eus\/eu\/#organization","name":"bideON ARRATIAN","url":"https:\/\/www.bideonarratian.eus\/eu\/","logo":{"@type":"ImageObject","inLanguage":"eu-ES","@id":"https:\/\/www.bideonarratian.eus\/eu\/#\/schema\/logo\/image\/","url":"https:\/\/www.bideonarratian.eus\/wp-content\/uploads\/2023\/12\/bideon-logo.png","contentUrl":"https:\/\/www.bideonarratian.eus\/wp-content\/uploads\/2023\/12\/bideon-logo.png","width":500,"height":176,"caption":"bideON ARRATIAN"},"image":{"@id":"https:\/\/www.bideonarratian.eus\/eu\/#\/schema\/logo\/image\/"},"sameAs":["https:\/\/www.facebook.com\/bideONARRATIAN","https:\/\/www.instagram.com\/bideON_ARRATIAN","https:\/\/www.tiktok.com\/@bideon_arratian"]}]}},"_links":{"self":[{"href":"https:\/\/www.bideonarratian.eus\/eu\/wp-json\/wp\/v2\/pages\/8218","targetHints":{"allow":["GET"]}}],"collection":[{"href":"https:\/\/www.bideonarratian.eus\/eu\/wp-json\/wp\/v2\/pages"}],"about":[{"href":"https:\/\/www.bideonarratian.eus\/eu\/wp-json\/wp\/v2\/types\/page"}],"author":[{"embeddable":true,"href":"https:\/\/www.bideonarratian.eus\/eu\/wp-json\/wp\/v2\/users\/1"}],"replies":[{"embeddable":true,"href":"https:\/\/www.bideonarratian.eus\/eu\/wp-json\/wp\/v2\/comments?post=8218"}],"version-history":[{"count":23,"href":"https:\/\/www.bideonarratian.eus\/eu\/wp-json\/wp\/v2\/pages\/8218\/revisions"}],"predecessor-version":[{"id":8944,"href":"https:\/\/www.bideonarratian.eus\/eu\/wp-json\/wp\/v2\/pages\/8218\/revisions\/8944"}],"wp:featuredmedia":[{"embeddable":true,"href":"https:\/\/www.bideonarratian.eus\/eu\/wp-json\/wp\/v2\/media\/8170"}],"wp:attachment":[{"href":"https:\/\/www.bideonarratian.eus\/eu\/wp-json\/wp\/v2\/media?parent=8218"}],"curies":[{"name":"wp","href":"https:\/\/api.w.org\/{rel}","templated":true}]}}